{"id":5661,"date":"2020-10-31T13:27:31","date_gmt":"2020-10-31T13:27:31","guid":{"rendered":"https:\/\/www.akmen.com.tr\/?page_id=5661"},"modified":"2021-03-08T00:23:27","modified_gmt":"2021-03-08T00:23:27","slug":"sosyal-sorumluluk","status":"publish","type":"page","link":"https:\/\/www.akmen.com.tr\/tr\/sosyal-sorumluluk\/","title":{"rendered":"Sosyal Sorumluluk"},"content":{"rendered":"\n\t<section class=\"section\" id=\"section_602194504\">\n\t\t<div class=\"bg section-bg fill bg-fill  \" >\n\n\t\t\t\n\t\t\t\n\t\t\t\n\n\t\t<\/div>\n\n\t\t\n\n\t\t<div class=\"section-content relative\">\n\t\t\t\n\n<div class=\"row\"  id=\"row-1097396568\">\n\n\n\t<div id=\"col-1978271751\" class=\"col small-12 large-12\"  >\n\t\t\t\t<div class=\"col-inner\" style=\"background-color:rgba(255, 255, 255, 0.43);\" >\n\t\t\t\n\t\t\t\n\n<div class=\"container section-title-container\" ><h1 class=\"section-title section-title-bold-center\"><b><\/b><span class=\"section-title-main\" style=\"font-size:88%;\">SOSYAL SORUMLULUK POL\u0130T\u0130KAMIZ<\/span><b><\/b><\/h1><\/div>\n\n\t<div id=\"text-4096209508\" class=\"text\">\n\t\t\n\n<p>Ba\u015fta \u00e7al\u0131\u015fanlar\u0131m\u0131z, m\u00fc\u015fterilerimiz ve tedarik\u00e7ilerimiz olmak \u00fczere t\u00fcm insanlar\u0131 mutlu edecek \u00fcr\u00fcnler geli\u015ftirmek i\u00e7in \u00e7al\u0131\u015f\u0131yoruz.<\/p>\n<p>\u0130\u015fletmemizin de\u011ferlerinin kurumsal m\u00fc\u015fterilerimiz arac\u0131l\u0131\u011f\u0131yla haz\u0131r giyim \u00fcr\u00fcnleri haline geldi\u011finin ve d\u00fcnyan\u0131n her k\u00f6\u015fesinde milyonlarca insana dokundu\u011funun bilincindeyiz. Bu d\u00fc\u015f\u00fcnceyle daha verimli \u00e7al\u0131\u015farak t\u00fcm d\u00fcnya i\u00e7in toplumsal refah\u0131 artt\u0131rmaya odaklan\u0131yoruz.<\/p>\n<p>\u00dcr\u00fcnlerimizin do\u011frudan ya da dolayl\u0131 olarak ula\u015ft\u0131\u011f\u0131 her \u00fclkenin k\u00fclt\u00fcrel, insani ve yasal de\u011ferlerine \u00f6zen g\u00f6steriyor, payda\u015flar\u0131m\u0131zdan ald\u0131\u011f\u0131m\u0131z her geri d\u00f6n\u00fc\u015fle s\u00fcre\u00e7lerimizi geli\u015ftiriyoruz.<\/p>\n<p>S\u00fcrd\u00fcr\u00fclebilir ekonomi i\u00e7in \u00e7al\u0131\u015fanlar\u0131m\u0131z\u0131n mesleki ve sosyal geli\u015fimlerini s\u00fcrekli ve yerinde e\u011fitim programlar\u0131yla destekliyoruz.<\/p>\n<p>Alt tedarik\u00e7ilerimizin sosyal sorumluluk politikalar\u0131n\u0131 g\u00f6zden ge\u00e7iriyor, gerekli d\u00fczeltmeler i\u00e7in onlar\u0131 te\u015fvik ediyoruz.<\/p>\n<p>T\u00fcm faaliyetlerimizle ilgili en son teknik ve bilimsel geli\u015fmeler \u0131\u015f\u0131\u011f\u0131nda sosyal sorumluluk politikam\u0131z\u0131 s\u00fcrekli g\u00fcncelliyoruz.<\/p>\n\t\t\n<style>\n#text-4096209508 {\n  text-align: center;\n}\n@media (min-width:550px) {\n  #text-4096209508 {\n    text-align: left;\n  }\n}\n<\/style>\n\t<\/div>\n\t\n\n\t\t<\/div>\n\t\t\t\t\n<style>\n#col-1978271751 > .col-inner {\n  padding: 41px 41px 41px 41px;\n}\n@media (min-width:550px) {\n  #col-1978271751 > .col-inner {\n    padding: 41px 41px 41px 41px;\n  }\n}\n<\/style>\n\t<\/div>\n\n\t\n\n<\/div>\n\n\t\t<\/div>\n\n\t\t\n<style>\n#section_602194504 {\n  padding-top: 0px;\n  padding-bottom: 0px;\n}\n#section_602194504 .section-bg.bg-loaded {\n  background-image: url(https:\/\/www.akmen.com.tr\/wp-content\/uploads\/2021\/03\/alt-zemin.jpg);\n}\n#section_602194504 .ux-shape-divider--top svg {\n  height: 150px;\n  --divider-top-width: 100%;\n}\n#section_602194504 .ux-shape-divider--bottom svg {\n  height: 150px;\n  --divider-width: 100%;\n}\n@media (min-width:550px) {\n  #section_602194504 {\n    padding-top: 59px;\n    padding-bottom: 59px;\n  }\n}\n<\/style>\n\t<\/section>\n\t\n\n","protected":false},"excerpt":{"rendered":"","protected":false},"author":1,"featured_media":0,"parent":0,"menu_order":0,"comment_status":"closed","ping_status":"closed","template":"page-blank.php","meta":{"footnotes":""},"class_list":["post-5661","page","type-page","status-publish","hentry"],"_links":{"self":[{"href":"https:\/\/www.akmen.com.tr\/tr\/wp-json\/wp\/v2\/pages\/5661","targetHints":{"allow":["GET"]}}],"collection":[{"href":"https:\/\/www.akmen.com.tr\/tr\/wp-json\/wp\/v2\/pages"}],"about":[{"href":"https:\/\/www.akmen.com.tr\/tr\/wp-json\/wp\/v2\/types\/page"}],"author":[{"embeddable":true,"href":"https:\/\/www.akmen.com.tr\/tr\/wp-json\/wp\/v2\/users\/1"}],"replies":[{"embeddable":true,"href":"https:\/\/www.akmen.com.tr\/tr\/wp-json\/wp\/v2\/comments?post=5661"}],"version-history":[{"count":0,"href":"https:\/\/www.akmen.com.tr\/tr\/wp-json\/wp\/v2\/pages\/5661\/revisions"}],"wp:attachment":[{"href":"https:\/\/www.akmen.com.tr\/tr\/wp-json\/wp\/v2\/media?parent=5661"}],"curies":[{"name":"wp","href":"https:\/\/api.w.org\/{rel}","templated":true}]}}